{"id":14839,"date":"2017-06-29T06:57:17","date_gmt":"2017-06-29T06:57:17","guid":{"rendered":"http:\/\/theater.cmsmasters.net\/?post_type=profile&#038;p=14839"},"modified":"2022-04-28T18:04:30","modified_gmt":"2022-04-28T18:04:30","slug":"florian-vlashi","status":"publish","type":"profile","link":"http:\/\/cicloconciertosbarciademera.net\/index.php\/profile\/florian-vlashi\/","title":{"rendered":"Florian Vlashi"},"content":{"rendered":"<div id=\"cmsmasters_row_a0e3e72c78\" class=\"cmsmasters_row cmsmasters_color_scheme_default cmsmasters_row_top_default cmsmasters_row_bot_default cmsmasters_row_boxed\">\n<div class=\"cmsmasters_row_outer_parent\">\n<div class=\"cmsmasters_row_outer\">\n<div class=\"cmsmasters_row_inner\">\n<div class=\"cmsmasters_row_margin\">\n<div id=\"cmsmasters_column_ee5254ae97\" class=\"cmsmasters_column one_first\">\n<div class=\"cmsmasters_column_inner\"><div class=\"aligncenter\"><div class=\"cmsmasters_img  cmsmasters_image_c with_caption\"><img decoding=\"async\" src=\"http:\/\/cicloconciertosbarciademera.net\/wp-content\/uploads\/2017\/06\/Foto-Florian-Vlashi-300x212.jpg\" alt=\"Florian Vlashi\" \/><p class=\"cmsmasters_img_caption\">Florian Vlashi<\/p><\/div><\/div>\n<\/div><\/div>\n<\/div>\n<\/div>\n<\/div>\n<\/div>\n<\/div>\n<div id=\"cmsmasters_row_dc5bd20fb0\" class=\"cmsmasters_row cmsmasters_color_scheme_default cmsmasters_row_top_default cmsmasters_row_bot_default cmsmasters_row_boxed\">\n<div class=\"cmsmasters_row_outer_parent\">\n<div class=\"cmsmasters_row_outer\">\n<div class=\"cmsmasters_row_inner\">\n<div class=\"cmsmasters_row_margin\">\n<div id=\"cmsmasters_column_239a44f61f\" class=\"cmsmasters_column one_first\">\n<div class=\"cmsmasters_column_inner\"><div class=\"cmsmasters_text\">\n<p>Florian Vlashi, nace en Durres (Albania) el 8 de Noviembre de 1963. Inicia sus estudios de viol\u00edn a los 6 a\u00f1os. Su padre, escritor y director de teatro muy conocido, Gjergi Vlashi, tuvo un papel decisivo en su futuro.<br \/>\nEstudia con V. Papa, R.Stefi, I. Madhi y obtiene por unanimidad el primer puesto de la Academia de Bellas Artes de Tirana. En 1989 gana el 1er. Premio en el Concurso de Solistas y de Orquestas Sinf\u00f3nicas de Albania. Fue director y solista de la Orquesta de Cuerda \u201cJan Kukuzeli\u201d, con la que realiz\u00f3 su primera gira por Italia.<br \/>\nDesde 1992 es miembro de la Orquesta Sinf\u00f3nica de Galicia, perfeccion\u00e1ndose con G.Egger (Stuttgart) y L. Muller (Concertino de la Orquesta de C\u00e1mara de Viena)<br \/>\nLa Asociaci\u00f3n Galega de Compositores le nombr\u00f3 \u201cSocio Protector\u201d.<br \/>\nDesde 1996, dirige el conjunto de c\u00e1mara Paganini Ensemble y el Grupo Instrumental Siglo XX, que est\u00e1 integrado por solistas de la Orquesta Sinf\u00f3nica de Galicia, estrenando m\u00e1s de 60 obras de autores espa\u00f1oles.<br \/>\nFlori\u00e1n Vlashi toca un viol\u00edn franc\u00e9s del siglo XVIII de J. Bocquay.<\/p>\n<\/div>\n<\/div><\/div>\n<\/div>\n<\/div>\n<\/div>\n<\/div>\n<\/div>\n\n","protected":false},"excerpt":{"rendered":"<p>Violinista y director musical de origen alban\u00e9s y de fama internacional.<\/p>\n","protected":false},"featured_media":16040,"menu_order":0,"comment_status":"closed","ping_status":"open","template":"","meta":{"om_disable_all_campaigns":false,"_monsterinsights_skip_tracking":false,"_monsterinsights_sitenote_active":false,"_monsterinsights_sitenote_note":"","_monsterinsights_sitenote_category":0,"footnotes":""},"pl-categs":[73,76],"class_list":["post-14839","profile","type-profile","status-publish","has-post-thumbnail","hentry","pl-categs-director","pl-categs-stabat-mater"],"yoast_head":"<!-- This site is optimized with the Yoast SEO plugin v18.6 - https:\/\/yoast.com\/wordpress\/plugins\/seo\/ -->\n<title>Florian Vlashi - Ciclo de Conciertos de Barcia de Mera<\/title>\n<meta name=\"description\" content=\"Violinista y director musical de origen alban\u00e9s y de fama internacional.\" \/>\n<meta name=\"robots\" content=\"index, follow, max-snippet:-1, max-image-preview:large, max-video-preview:-1\" \/>\n<link rel=\"canonical\" href=\"http:\/\/cicloconciertosbarciademera.net\/index.php\/profile\/florian-vlashi\/\" \/>\n<meta property=\"og:locale\" content=\"es_ES\" \/>\n<meta property=\"og:type\" content=\"article\" \/>\n<meta property=\"og:title\" content=\"Florian Vlashi - Ciclo de Conciertos de Barcia de Mera\" \/>\n<meta property=\"og:description\" content=\"Violinista y director musical de origen alban\u00e9s y de fama internacional.\" \/>\n<meta property=\"og:url\" content=\"http:\/\/cicloconciertosbarciademera.net\/index.php\/profile\/florian-vlashi\/\" \/>\n<meta property=\"og:site_name\" content=\"Ciclo de Conciertos de Barcia de Mera\" \/>\n<meta property=\"article:modified_time\" content=\"2022-04-28T18:04:30+00:00\" \/>\n<meta property=\"og:image\" content=\"http:\/\/cicloconciertosbarciademera.net\/wp-content\/uploads\/2017\/06\/Foto-Florian-Vlashi.jpg\" \/>\n\t<meta property=\"og:image:width\" content=\"580\" \/>\n\t<meta property=\"og:image:height\" content=\"410\" \/>\n\t<meta property=\"og:image:type\" content=\"image\/jpeg\" \/>\n<meta name=\"twitter:card\" content=\"summary_large_image\" \/>\n<meta name=\"twitter:label1\" content=\"Tiempo de lectura\" \/>\n\t<meta name=\"twitter:data1\" content=\"2 minutos\" \/>\n<script type=\"application\/ld+json\" class=\"yoast-schema-graph\">{\"@context\":\"https:\/\/schema.org\",\"@graph\":[{\"@type\":\"WebSite\",\"@id\":\"http:\/\/cicloconciertosbarciademera.net\/#website\",\"url\":\"http:\/\/cicloconciertosbarciademera.net\/\",\"name\":\"Ciclo de Conciertos de Barcia de Mera\",\"description\":\"\",\"potentialAction\":[{\"@type\":\"SearchAction\",\"target\":{\"@type\":\"EntryPoint\",\"urlTemplate\":\"http:\/\/cicloconciertosbarciademera.net\/?s={search_term_string}\"},\"query-input\":\"required name=search_term_string\"}],\"inLanguage\":\"es\"},{\"@type\":\"ImageObject\",\"@id\":\"http:\/\/cicloconciertosbarciademera.net\/index.php\/profile\/florian-vlashi\/#primaryimage\",\"inLanguage\":\"es\",\"url\":\"http:\/\/cicloconciertosbarciademera.net\/wp-content\/uploads\/2017\/06\/Foto-Florian-Vlashi.jpg\",\"contentUrl\":\"http:\/\/cicloconciertosbarciademera.net\/wp-content\/uploads\/2017\/06\/Foto-Florian-Vlashi.jpg\",\"width\":580,\"height\":410,\"caption\":\"Florian Vlashi\"},{\"@type\":\"WebPage\",\"@id\":\"http:\/\/cicloconciertosbarciademera.net\/index.php\/profile\/florian-vlashi\/#webpage\",\"url\":\"http:\/\/cicloconciertosbarciademera.net\/index.php\/profile\/florian-vlashi\/\",\"name\":\"Florian Vlashi - Ciclo de Conciertos de Barcia de Mera\",\"isPartOf\":{\"@id\":\"http:\/\/cicloconciertosbarciademera.net\/#website\"},\"primaryImageOfPage\":{\"@id\":\"http:\/\/cicloconciertosbarciademera.net\/index.php\/profile\/florian-vlashi\/#primaryimage\"},\"datePublished\":\"2017-06-29T06:57:17+00:00\",\"dateModified\":\"2022-04-28T18:04:30+00:00\",\"description\":\"Violinista y director musical de origen alban\u00e9s y de fama internacional.\",\"breadcrumb\":{\"@id\":\"http:\/\/cicloconciertosbarciademera.net\/index.php\/profile\/florian-vlashi\/#breadcrumb\"},\"inLanguage\":\"es\",\"potentialAction\":[{\"@type\":\"ReadAction\",\"target\":[\"http:\/\/cicloconciertosbarciademera.net\/index.php\/profile\/florian-vlashi\/\"]}]},{\"@type\":\"BreadcrumbList\",\"@id\":\"http:\/\/cicloconciertosbarciademera.net\/index.php\/profile\/florian-vlashi\/#breadcrumb\",\"itemListElement\":[{\"@type\":\"ListItem\",\"position\":1,\"name\":\"Home\",\"item\":\"http:\/\/cicloconciertosbarciademera.net\/\"},{\"@type\":\"ListItem\",\"position\":2,\"name\":\"Profiles\",\"item\":\"http:\/\/cicloconciertosbarciademera.net\/index.php\/profile\/\"},{\"@type\":\"ListItem\",\"position\":3,\"name\":\"Florian Vlashi\"}]}]}<\/script>\n<!-- \/ Yoast SEO plugin. -->","yoast_head_json":{"title":"Florian Vlashi - Ciclo de Conciertos de Barcia de Mera","description":"Violinista y director musical de origen alban\u00e9s y de fama internacional.","robots":{"index":"index","follow":"follow","max-snippet":"max-snippet:-1","max-image-preview":"max-image-preview:large","max-video-preview":"max-video-preview:-1"},"canonical":"http:\/\/cicloconciertosbarciademera.net\/index.php\/profile\/florian-vlashi\/","og_locale":"es_ES","og_type":"article","og_title":"Florian Vlashi - Ciclo de Conciertos de Barcia de Mera","og_description":"Violinista y director musical de origen alban\u00e9s y de fama internacional.","og_url":"http:\/\/cicloconciertosbarciademera.net\/index.php\/profile\/florian-vlashi\/","og_site_name":"Ciclo de Conciertos de Barcia de Mera","article_modified_time":"2022-04-28T18:04:30+00:00","og_image":[{"width":580,"height":410,"url":"http:\/\/cicloconciertosbarciademera.net\/wp-content\/uploads\/2017\/06\/Foto-Florian-Vlashi.jpg","type":"image\/jpeg"}],"twitter_card":"summary_large_image","twitter_misc":{"Tiempo de lectura":"2 minutos"},"schema":{"@context":"https:\/\/schema.org","@graph":[{"@type":"WebSite","@id":"http:\/\/cicloconciertosbarciademera.net\/#website","url":"http:\/\/cicloconciertosbarciademera.net\/","name":"Ciclo de Conciertos de Barcia de Mera","description":"","potentialAction":[{"@type":"SearchAction","target":{"@type":"EntryPoint","urlTemplate":"http:\/\/cicloconciertosbarciademera.net\/?s={search_term_string}"},"query-input":"required name=search_term_string"}],"inLanguage":"es"},{"@type":"ImageObject","@id":"http:\/\/cicloconciertosbarciademera.net\/index.php\/profile\/florian-vlashi\/#primaryimage","inLanguage":"es","url":"http:\/\/cicloconciertosbarciademera.net\/wp-content\/uploads\/2017\/06\/Foto-Florian-Vlashi.jpg","contentUrl":"http:\/\/cicloconciertosbarciademera.net\/wp-content\/uploads\/2017\/06\/Foto-Florian-Vlashi.jpg","width":580,"height":410,"caption":"Florian Vlashi"},{"@type":"WebPage","@id":"http:\/\/cicloconciertosbarciademera.net\/index.php\/profile\/florian-vlashi\/#webpage","url":"http:\/\/cicloconciertosbarciademera.net\/index.php\/profile\/florian-vlashi\/","name":"Florian Vlashi - Ciclo de Conciertos de Barcia de Mera","isPartOf":{"@id":"http:\/\/cicloconciertosbarciademera.net\/#website"},"primaryImageOfPage":{"@id":"http:\/\/cicloconciertosbarciademera.net\/index.php\/profile\/florian-vlashi\/#primaryimage"},"datePublished":"2017-06-29T06:57:17+00:00","dateModified":"2022-04-28T18:04:30+00:00","description":"Violinista y director musical de origen alban\u00e9s y de fama internacional.","breadcrumb":{"@id":"http:\/\/cicloconciertosbarciademera.net\/index.php\/profile\/florian-vlashi\/#breadcrumb"},"inLanguage":"es","potentialAction":[{"@type":"ReadAction","target":["http:\/\/cicloconciertosbarciademera.net\/index.php\/profile\/florian-vlashi\/"]}]},{"@type":"BreadcrumbList","@id":"http:\/\/cicloconciertosbarciademera.net\/index.php\/profile\/florian-vlashi\/#breadcrumb","itemListElement":[{"@type":"ListItem","position":1,"name":"Home","item":"http:\/\/cicloconciertosbarciademera.net\/"},{"@type":"ListItem","position":2,"name":"Profiles","item":"http:\/\/cicloconciertosbarciademera.net\/index.php\/profile\/"},{"@type":"ListItem","position":3,"name":"Florian Vlashi"}]}]}},"_links":{"self":[{"href":"http:\/\/cicloconciertosbarciademera.net\/index.php\/wp-json\/wp\/v2\/profile\/14839","targetHints":{"allow":["GET"]}}],"collection":[{"href":"http:\/\/cicloconciertosbarciademera.net\/index.php\/wp-json\/wp\/v2\/profile"}],"about":[{"href":"http:\/\/cicloconciertosbarciademera.net\/index.php\/wp-json\/wp\/v2\/types\/profile"}],"replies":[{"embeddable":true,"href":"http:\/\/cicloconciertosbarciademera.net\/index.php\/wp-json\/wp\/v2\/comments?post=14839"}],"version-history":[{"count":4,"href":"http:\/\/cicloconciertosbarciademera.net\/index.php\/wp-json\/wp\/v2\/profile\/14839\/revisions"}],"predecessor-version":[{"id":16049,"href":"http:\/\/cicloconciertosbarciademera.net\/index.php\/wp-json\/wp\/v2\/profile\/14839\/revisions\/16049"}],"wp:featuredmedia":[{"embeddable":true,"href":"http:\/\/cicloconciertosbarciademera.net\/index.php\/wp-json\/wp\/v2\/media\/16040"}],"wp:attachment":[{"href":"http:\/\/cicloconciertosbarciademera.net\/index.php\/wp-json\/wp\/v2\/media?parent=14839"}],"wp:term":[{"taxonomy":"pl-categs","embeddable":true,"href":"http:\/\/cicloconciertosbarciademera.net\/index.php\/wp-json\/wp\/v2\/pl-categs?post=14839"}],"curies":[{"name":"wp","href":"https:\/\/api.w.org\/{rel}","templated":true}]}}