{"id":11027,"date":"2016-06-09T12:07:59","date_gmt":"2016-06-09T12:07:59","guid":{"rendered":"http:\/\/eco-press.cmsmasters.net\/?post_type=profile&#038;p=11027"},"modified":"2022-04-28T18:05:44","modified_gmt":"2022-04-28T18:05:44","slug":"reynaldo-maceo","status":"publish","type":"profile","link":"http:\/\/cicloconciertosbarciademera.net\/index.php\/profile\/reynaldo-maceo\/","title":{"rendered":"Reynaldo Maceo"},"content":{"rendered":"<div id=\"cmsmasters_row_cbf2ad37f4\" class=\"cmsmasters_row cmsmasters_color_scheme_default cmsmasters_row_top_default cmsmasters_row_bot_default cmsmasters_row_boxed\">\n<div class=\"cmsmasters_row_outer_parent\">\n<div class=\"cmsmasters_row_outer\">\n<div class=\"cmsmasters_row_inner\">\n<div class=\"cmsmasters_row_margin\">\n<div id=\"cmsmasters_column_73a646fba6\" class=\"cmsmasters_column one_first\">\n<div class=\"cmsmasters_column_inner\"><div class=\"aligncenter\"><div class=\"cmsmasters_img  cmsmasters_image_c\"><img decoding=\"async\" src=\"http:\/\/cicloconciertosbarciademera.net\/wp-content\/uploads\/2016\/06\/reynaldo-maceo-1-300x199.png\" alt=\"reynaldo-maceo\" \/><\/div><\/div>\n<\/div><\/div>\n<\/div>\n<\/div>\n<\/div>\n<\/div>\n<\/div>\n<div id=\"cmsmasters_row_f11c53c0af\" class=\"cmsmasters_row cmsmasters_color_scheme_default cmsmasters_row_top_default cmsmasters_row_bot_default cmsmasters_row_boxed\">\n<div class=\"cmsmasters_row_outer_parent\">\n<div class=\"cmsmasters_row_outer\">\n<div class=\"cmsmasters_row_inner\">\n<div class=\"cmsmasters_row_margin\">\n<div id=\"cmsmasters_column_c39e01e25f\" class=\"cmsmasters_column one_first\">\n<div class=\"cmsmasters_column_inner\"><div class=\"cmsmasters_text\">\n<p>Nace en Cuba. Por sus m\u00e9ritos art\u00edsticos el gobierno cubano le concede una beca para realizar sus estudios superiores en Rusia.<br \/>\nGraduado del insigne Conservatorio Tchaikovsky de Mosc\u00fa, obtiene el titulo de \u201cMaster of fine arts\u201d en la categor\u00eda de viol\u00edn concertista y el premio fin de carrera en la especialidad de m\u00fasica de c\u00e1mara y cuarteto con los maestros Dimitri Shebalin y Sergei Petchugin, miembros de los prestigiosos Cuartetos \u201cBorod\u00edn\u201d y \u201cShostakovich\u201d, respectivamente.<br \/>\nEn Mosc\u00fa se ha presentado en las salas Tchaikovsky,Rachmaninov, Mali Sal, Bolshoi Sal del Conservatorio, interpretando obras y conciertos de diferentes autores as\u00ed como estrenando obras en colaboraci\u00f3n con la c\u00e1tedra de composici\u00f3n del conservatorio.<br \/>\nComo solista ha colaborado con la Orquesta de C\u00e1mara de Astrakhan en el \u00abFestival de la M\u00fasica\u00bb en Lima (Per\u00fa), y en el \u00abFestival Bach-Vivaldi\u00bb en la ciudad de Penza (Rusia) Graba para la Radio y Televisi\u00f3n Rusa en el festival \u201cSalud Am\u00e9rica\u201d la obra Introducci\u00f3n y Rondo Caprichoso de C. Saint \u2013Sa\u00ebns con la Orquesta Filarm\u00f3nica de Samara, y con la Orquesta Sinf\u00f3nica de Ekaterimburgo realiza el estreno en Rusia del concierto para viol\u00edn del celebre violinista y compositor cubano Jos\u00e9 White. Con esta orquesta se present\u00f3 adem\u00e1s en la Sala Filarm\u00f3nica de Kirov y en el Teatro de la \u00d3pera de Ekaterimburgo.<br \/>\nSu carrera le ha llevado a diferentes pa\u00edses: Estonia, Lituania, Finlandia, Suecia, Inglaterra, Alemania, Italia, China, Francia, Espa\u00f1a, Portugal, Rusia, Polonia, Marruecos, Cuba, Per\u00fa, Brasil, Colombia, M\u00e9xico, Estados Unidos etc. Concertino de la Orquesta \u201cColombus\u201d de Mosc\u00fa. Ha impartido cursos de viol\u00edn y clases magistrales, organizado por la Universidad de Getafe de Madrid, y en el Conservatorio de Cali (Colombia). Adem\u00e1s, ha sido profesor de viol\u00edn del Conservatorio Superior \u201cPadre Soler\u201d del Escorial en Madrid..<br \/>\nFundador y primer viol\u00edn del Cuarteto Assai, ha actuado como miembro del conjunto de c\u00e1mara en prestigiosas salas de toda Espa\u00f1a y el extranjero, entre las que cabe destacar el Auditorio Nacional de Madrid, Teatro Alb\u00e9niz y Centro de Difusi\u00f3n de M\u00fasica Contempor\u00e1nea de Madrid. Ha tocado igualmente en la 58o Quincena Musical Donostiarra, Auditorio del Museo Guggenheim de Bilbao, Teatro Principal de Valencia, Festival Internacional de Cambrils, Museo de Arte Romano en M\u00e9rida etc. Para RTVE ha grabado en diversas ocasiones.<br \/>\nCon el cuarteto Assai, particip\u00f3 en la grabaci\u00f3n de la banda sonora de la pel\u00edcula Carne Tr\u00e9mula, del director espa\u00f1ol Pedro Almod\u00f3var.<br \/>\nEl 11 de abril de 2006 debuto en Londres en la prestigiosa sala Wigmore Hall con muy buena acogida del p\u00fablico y de la prensa. As\u00ed mismo con la compa\u00f1\u00eda Provisional Danza de Madrid, a interpretado una selecci\u00f3n de las partitas de Bach para viol\u00edn solo en Madrid, Barcelona y Santiago de Compostela.<br \/>\nEn calidad de solista y junto al Cuarteto Assai, ha grabado para el prestigioso sello Deutsche Grammophon.<br \/>\nDesde 1998 es miembro de la Orquesta de la Comunidad de Madrid, con la que se ha presentado en salas muy importantes como Carneggie Hall de Nueva York, Teatro Bellas Artes de M\u00e9xico, Teatro La Fenice de Venecia, Konzerthaus de Berlin, Teatro Chatelet de Paris, diferentes salas en Pek\u00edn, Shanghai y Hong Kong, el Lingote de Tur\u00edn etc.<br \/>\nAdemas ha trabajado bajo la batuta de prestigiosos directores como Lorin Maazel, Placido Domingo, Krysztof Penderecki, Shlomo Mintz entre otros.<\/p>\n<\/div>\n<\/div><\/div>\n<\/div>\n<\/div>\n<\/div>\n<\/div>\n<\/div>\n\n","protected":false},"excerpt":{"rendered":"<p>Codirector art\u00edstico, arreglista y violinista.<\/p>\n","protected":false},"featured_media":16052,"menu_order":0,"comment_status":"closed","ping_status":"open","template":"","meta":{"om_disable_all_campaigns":false,"_monsterinsights_skip_tracking":false,"_monsterinsights_sitenote_active":false,"_monsterinsights_sitenote_note":"","_monsterinsights_sitenote_category":0,"footnotes":""},"pl-categs":[81,77],"class_list":["post-11027","profile","type-profile","status-publish","has-post-thumbnail","hentry","pl-categs-cuarteto-assai","pl-categs-violin"],"yoast_head":"<!-- This site is optimized with the Yoast SEO plugin v18.6 - https:\/\/yoast.com\/wordpress\/plugins\/seo\/ -->\n<title>Reynaldo Maceo - Ciclo de Conciertos de Barcia de Mera<\/title>\n<meta name=\"description\" content=\"Reynaldo Maceo - Codirector art\u00edstico, arreglista y violinista.\" \/>\n<meta name=\"robots\" content=\"index, follow, max-snippet:-1, max-image-preview:large, max-video-preview:-1\" \/>\n<link rel=\"canonical\" href=\"http:\/\/cicloconciertosbarciademera.net\/index.php\/profile\/reynaldo-maceo\/\" \/>\n<meta property=\"og:locale\" content=\"es_ES\" \/>\n<meta property=\"og:type\" content=\"article\" \/>\n<meta property=\"og:title\" content=\"Reynaldo Maceo - Ciclo de Conciertos de Barcia de Mera\" \/>\n<meta property=\"og:description\" content=\"Reynaldo Maceo - Codirector art\u00edstico, arreglista y violinista.\" \/>\n<meta property=\"og:url\" content=\"http:\/\/cicloconciertosbarciademera.net\/index.php\/profile\/reynaldo-maceo\/\" \/>\n<meta property=\"og:site_name\" content=\"Ciclo de Conciertos de Barcia de Mera\" \/>\n<meta property=\"article:modified_time\" content=\"2022-04-28T18:05:44+00:00\" \/>\n<meta property=\"og:image\" content=\"http:\/\/cicloconciertosbarciademera.net\/wp-content\/uploads\/2016\/06\/reynaldo-maceo.jpg\" \/>\n\t<meta property=\"og:image:width\" content=\"938\" \/>\n\t<meta property=\"og:image:height\" content=\"1173\" \/>\n\t<meta property=\"og:image:type\" content=\"image\/jpeg\" \/>\n<meta name=\"twitter:card\" content=\"summary_large_image\" \/>\n<meta name=\"twitter:label1\" content=\"Tiempo de lectura\" \/>\n\t<meta name=\"twitter:data1\" content=\"4 minutos\" \/>\n<script type=\"application\/ld+json\" class=\"yoast-schema-graph\">{\"@context\":\"https:\/\/schema.org\",\"@graph\":[{\"@type\":\"WebSite\",\"@id\":\"http:\/\/cicloconciertosbarciademera.net\/#website\",\"url\":\"http:\/\/cicloconciertosbarciademera.net\/\",\"name\":\"Ciclo de Conciertos de Barcia de Mera\",\"description\":\"\",\"potentialAction\":[{\"@type\":\"SearchAction\",\"target\":{\"@type\":\"EntryPoint\",\"urlTemplate\":\"http:\/\/cicloconciertosbarciademera.net\/?s={search_term_string}\"},\"query-input\":\"required name=search_term_string\"}],\"inLanguage\":\"es\"},{\"@type\":\"ImageObject\",\"@id\":\"http:\/\/cicloconciertosbarciademera.net\/index.php\/profile\/reynaldo-maceo\/#primaryimage\",\"inLanguage\":\"es\",\"url\":\"http:\/\/cicloconciertosbarciademera.net\/wp-content\/uploads\/2016\/06\/reynaldo-maceo.jpg\",\"contentUrl\":\"http:\/\/cicloconciertosbarciademera.net\/wp-content\/uploads\/2016\/06\/reynaldo-maceo.jpg\",\"width\":938,\"height\":1173,\"caption\":\"reynaldo-maceo\"},{\"@type\":\"WebPage\",\"@id\":\"http:\/\/cicloconciertosbarciademera.net\/index.php\/profile\/reynaldo-maceo\/#webpage\",\"url\":\"http:\/\/cicloconciertosbarciademera.net\/index.php\/profile\/reynaldo-maceo\/\",\"name\":\"Reynaldo Maceo - Ciclo de Conciertos de Barcia de Mera\",\"isPartOf\":{\"@id\":\"http:\/\/cicloconciertosbarciademera.net\/#website\"},\"primaryImageOfPage\":{\"@id\":\"http:\/\/cicloconciertosbarciademera.net\/index.php\/profile\/reynaldo-maceo\/#primaryimage\"},\"datePublished\":\"2016-06-09T12:07:59+00:00\",\"dateModified\":\"2022-04-28T18:05:44+00:00\",\"description\":\"Reynaldo Maceo - Codirector art\u00edstico, arreglista y violinista.\",\"breadcrumb\":{\"@id\":\"http:\/\/cicloconciertosbarciademera.net\/index.php\/profile\/reynaldo-maceo\/#breadcrumb\"},\"inLanguage\":\"es\",\"potentialAction\":[{\"@type\":\"ReadAction\",\"target\":[\"http:\/\/cicloconciertosbarciademera.net\/index.php\/profile\/reynaldo-maceo\/\"]}]},{\"@type\":\"BreadcrumbList\",\"@id\":\"http:\/\/cicloconciertosbarciademera.net\/index.php\/profile\/reynaldo-maceo\/#breadcrumb\",\"itemListElement\":[{\"@type\":\"ListItem\",\"position\":1,\"name\":\"Home\",\"item\":\"http:\/\/cicloconciertosbarciademera.net\/\"},{\"@type\":\"ListItem\",\"position\":2,\"name\":\"Profiles\",\"item\":\"http:\/\/cicloconciertosbarciademera.net\/index.php\/profile\/\"},{\"@type\":\"ListItem\",\"position\":3,\"name\":\"Reynaldo Maceo\"}]}]}<\/script>\n<!-- \/ Yoast SEO plugin. -->","yoast_head_json":{"title":"Reynaldo Maceo - Ciclo de Conciertos de Barcia de Mera","description":"Reynaldo Maceo - Codirector art\u00edstico, arreglista y violinista.","robots":{"index":"index","follow":"follow","max-snippet":"max-snippet:-1","max-image-preview":"max-image-preview:large","max-video-preview":"max-video-preview:-1"},"canonical":"http:\/\/cicloconciertosbarciademera.net\/index.php\/profile\/reynaldo-maceo\/","og_locale":"es_ES","og_type":"article","og_title":"Reynaldo Maceo - Ciclo de Conciertos de Barcia de Mera","og_description":"Reynaldo Maceo - Codirector art\u00edstico, arreglista y violinista.","og_url":"http:\/\/cicloconciertosbarciademera.net\/index.php\/profile\/reynaldo-maceo\/","og_site_name":"Ciclo de Conciertos de Barcia de Mera","article_modified_time":"2022-04-28T18:05:44+00:00","og_image":[{"width":938,"height":1173,"url":"http:\/\/cicloconciertosbarciademera.net\/wp-content\/uploads\/2016\/06\/reynaldo-maceo.jpg","type":"image\/jpeg"}],"twitter_card":"summary_large_image","twitter_misc":{"Tiempo de lectura":"4 minutos"},"schema":{"@context":"https:\/\/schema.org","@graph":[{"@type":"WebSite","@id":"http:\/\/cicloconciertosbarciademera.net\/#website","url":"http:\/\/cicloconciertosbarciademera.net\/","name":"Ciclo de Conciertos de Barcia de Mera","description":"","potentialAction":[{"@type":"SearchAction","target":{"@type":"EntryPoint","urlTemplate":"http:\/\/cicloconciertosbarciademera.net\/?s={search_term_string}"},"query-input":"required name=search_term_string"}],"inLanguage":"es"},{"@type":"ImageObject","@id":"http:\/\/cicloconciertosbarciademera.net\/index.php\/profile\/reynaldo-maceo\/#primaryimage","inLanguage":"es","url":"http:\/\/cicloconciertosbarciademera.net\/wp-content\/uploads\/2016\/06\/reynaldo-maceo.jpg","contentUrl":"http:\/\/cicloconciertosbarciademera.net\/wp-content\/uploads\/2016\/06\/reynaldo-maceo.jpg","width":938,"height":1173,"caption":"reynaldo-maceo"},{"@type":"WebPage","@id":"http:\/\/cicloconciertosbarciademera.net\/index.php\/profile\/reynaldo-maceo\/#webpage","url":"http:\/\/cicloconciertosbarciademera.net\/index.php\/profile\/reynaldo-maceo\/","name":"Reynaldo Maceo - Ciclo de Conciertos de Barcia de Mera","isPartOf":{"@id":"http:\/\/cicloconciertosbarciademera.net\/#website"},"primaryImageOfPage":{"@id":"http:\/\/cicloconciertosbarciademera.net\/index.php\/profile\/reynaldo-maceo\/#primaryimage"},"datePublished":"2016-06-09T12:07:59+00:00","dateModified":"2022-04-28T18:05:44+00:00","description":"Reynaldo Maceo - Codirector art\u00edstico, arreglista y violinista.","breadcrumb":{"@id":"http:\/\/cicloconciertosbarciademera.net\/index.php\/profile\/reynaldo-maceo\/#breadcrumb"},"inLanguage":"es","potentialAction":[{"@type":"ReadAction","target":["http:\/\/cicloconciertosbarciademera.net\/index.php\/profile\/reynaldo-maceo\/"]}]},{"@type":"BreadcrumbList","@id":"http:\/\/cicloconciertosbarciademera.net\/index.php\/profile\/reynaldo-maceo\/#breadcrumb","itemListElement":[{"@type":"ListItem","position":1,"name":"Home","item":"http:\/\/cicloconciertosbarciademera.net\/"},{"@type":"ListItem","position":2,"name":"Profiles","item":"http:\/\/cicloconciertosbarciademera.net\/index.php\/profile\/"},{"@type":"ListItem","position":3,"name":"Reynaldo Maceo"}]}]}},"_links":{"self":[{"href":"http:\/\/cicloconciertosbarciademera.net\/index.php\/wp-json\/wp\/v2\/profile\/11027","targetHints":{"allow":["GET"]}}],"collection":[{"href":"http:\/\/cicloconciertosbarciademera.net\/index.php\/wp-json\/wp\/v2\/profile"}],"about":[{"href":"http:\/\/cicloconciertosbarciademera.net\/index.php\/wp-json\/wp\/v2\/types\/profile"}],"replies":[{"embeddable":true,"href":"http:\/\/cicloconciertosbarciademera.net\/index.php\/wp-json\/wp\/v2\/comments?post=11027"}],"version-history":[{"count":4,"href":"http:\/\/cicloconciertosbarciademera.net\/index.php\/wp-json\/wp\/v2\/profile\/11027\/revisions"}],"predecessor-version":[{"id":16057,"href":"http:\/\/cicloconciertosbarciademera.net\/index.php\/wp-json\/wp\/v2\/profile\/11027\/revisions\/16057"}],"wp:featuredmedia":[{"embeddable":true,"href":"http:\/\/cicloconciertosbarciademera.net\/index.php\/wp-json\/wp\/v2\/media\/16052"}],"wp:attachment":[{"href":"http:\/\/cicloconciertosbarciademera.net\/index.php\/wp-json\/wp\/v2\/media?parent=11027"}],"wp:term":[{"taxonomy":"pl-categs","embeddable":true,"href":"http:\/\/cicloconciertosbarciademera.net\/index.php\/wp-json\/wp\/v2\/pl-categs?post=11027"}],"curies":[{"name":"wp","href":"https:\/\/api.w.org\/{rel}","templated":true}]}}